{"id":3092,"date":"2024-04-18T12:58:57","date_gmt":"2024-04-18T12:58:57","guid":{"rendered":"https:\/\/lernende-demokratie.de\/?post_type=tribe_events&#038;p=3092"},"modified":"2024-05-08T08:34:39","modified_gmt":"2024-05-08T08:34:39","slug":"zukunft-gestaltenmeta-demokratie-fuer-die-politik-der-transformationws-2024-25","status":"publish","type":"tribe_events","link":"https:\/\/lernende-demokratie.de\/en\/event\/zukunft-gestaltenmeta-demokratie-fuer-die-politik-der-transformationws-2024-25\/","title":{"rendered":"Zukunft gestalten:Meta-Demokratie f\u00fcr die Politik der TransformationWS 2024\/25"},"content":{"rendered":"<p><\/p>\n\n\n<div class=\"tribe-events-event-image\"><img fetchpriority=\"high\" decoding=\"async\" width=\"1920\" height=\"1280\" src=\"https:\/\/lernende-demokratie.de\/wp-content\/uploads\/2024\/04\/transformation-4990460_1920.jpg\" class=\"attachment-full size-full wp-post-image\" alt=\"\" srcset=\"https:\/\/lernende-demokratie.de\/wp-content\/uploads\/2024\/04\/transformation-4990460_1920.jpg 1920w, https:\/\/lernende-demokratie.de\/wp-content\/uploads\/2024\/04\/transformation-4990460_1920-300x200.jpg 300w, https:\/\/lernende-demokratie.de\/wp-content\/uploads\/2024\/04\/transformation-4990460_1920-1024x683.jpg 1024w, https:\/\/lernende-demokratie.de\/wp-content\/uploads\/2024\/04\/transformation-4990460_1920-768x512.jpg 768w, https:\/\/lernende-demokratie.de\/wp-content\/uploads\/2024\/04\/transformation-4990460_1920-1536x1024.jpg 1536w, https:\/\/lernende-demokratie.de\/wp-content\/uploads\/2024\/04\/transformation-4990460_1920-18x12.jpg 18w\" sizes=\"(max-width: 1920px) 100vw, 1920px\" \/><\/div>\n\n<div  class=\"tribe-events-schedule tribe-clearfix\" >\n\t<p class=\"tribe-events-schedule__datetime\">\n\t\t<span class=\"tribe-events-schedule__date tribe-events-schedule__date--start\">\n\t\t\t25. October 2024\t\t<\/span>\n\n\t\t\t\t\t<span class=\"tribe-events-schedule__separator tribe-events-schedule__separator--date\">\n\t\t\t\t @ \t\t\t<\/span>\n\t\t\t<span class=\"tribe-events-schedule__time tribe-events-schedule__time--start\">\n\t\t\t\t10:00 am\t\t\t<\/span>\n\t\t\n\t\t\t\t\t\t\t\t\t<span class=\"tribe-events-schedule__separator tribe-events-schedule__separator--time\">\n\t\t\t\t\t &#8211; \t\t\t\t<\/span>\n\t\t\t\n\t\t\t\t\t\t\t<span class=\"tribe-events-schedule__time tribe-events-schedule__time--end\">\n\t\t\t\t\t5:00 pm\t\t\t\t<\/span>\n\t\t\t\n\t\t\t\t\t\t<\/p>\n<\/div>\n\n\n\n<p>Im Wintersemester 2024\/25 wird Dr. Raban Daniel Fuhrmann an der Universit\u00e4t T\u00fcbingen einen spezialisierten Kurs zum Thema \u201eMeta-Demokratie f\u00fcr die Politik der Transformation\u201c anbieten. Dieser Kurs findet am Weltethos-Institut statt und wird als Blockseminar durchgef\u00fchrt.<\/p>\n\n\n\n<p>Dieser Kurs widmet sich der Untersuchung und kritischen Bewertung von demokratischen Gestaltungsm\u00f6glichkeiten in Zeiten des Wandels. Ziel ist es, innovative Ans\u00e4tze zur Demokratieentwicklung zu erforschen, die \u00fcber herk\u00f6mmliche politische Instrumente hinausgehen und auf Co-Kreation setzen.<\/p>\n\n\n\n<p>Bitte beachten Sie, dass die Teilnahme am Kurs nur auf Anfrage m\u00f6glich ist und die Anzahl der Teilnehmenden begrenzt ist. <\/p>\n\n\n\n<div data-wp-interactive=\"core\/file\" class=\"wp-block-file\"><object data-wp-bind--hidden=\"!state.hasPdfPreview\" hidden class=\"wp-block-file__embed\" data=\"https:\/\/lernende-demokratie.de\/wp-content\/uploads\/2024\/04\/WEIT_Meta-Demokratie_Fuhrmann_WS24.pdf\" type=\"application\/pdf\" style=\"width:100%;height:600px\" aria-label=\"Embed of WEIT_Meta-Demokratie_Fuhrmann_WS24.\"><\/object><a id=\"wp-block-file--media-915fdb51-3583-43cc-8da2-80b1187b32f2\" href=\"https:\/\/lernende-demokratie.de\/wp-content\/uploads\/2024\/04\/WEIT_Meta-Demokratie_Fuhrmann_WS24.pdf\">WEIT_Meta-Demokratie_Fuhrmann_WS24<\/a><a href=\"https:\/\/lernende-demokratie.de\/wp-content\/uploads\/2024\/04\/WEIT_Meta-Demokratie_Fuhrmann_WS24.pdf\" class=\"wp-block-file__button wp-element-button\" download aria-describedby=\"wp-block-file--media-915fdb51-3583-43cc-8da2-80b1187b32f2\">download<\/a><\/div>\n\n\n<div  class=\"tribe-block tribe-block__event-price\" >\n\t\t<\/div>\n\n\n<div  class=\"tribe-block tribe-block__organizer__details tribe-clearfix\" >\n\t<div class=\"tribe-block__organizer__title\">\n\t\t<h3>Dr. Raban Daniel Fuhrmann<\/h3>\n\t<\/div>\n\t\t\t<p class=\"tribe-block__organizer__phone\">+491794688456<\/p>\n\t\t\t\t\t<p class=\"tribe-block__organizer__email\">&#102;&#117;&#104;r&#109;&#097;n&#110;&#064;d&#101;mo&#099;r&#097;cy&#045;i&#110;&#116;&#101;r&#110;at&#105;on&#097;&#108;.org<\/p>\n\t<\/div>\n\n\n<div  class=\"tribe-block tribe-block__venue tribe-clearfix tribe-block__venue--has-map\" >\n\t\n\t\n<div class=\"tribe-block__venue__meta\">\n\t<div class=\"tribe-block__venue__name\">\n\t\t<h3>Weltethos Institut<\/h3>\n\t<\/div>\n\n\t\n\t\t\t\t\t\t<address class=\"tribe-block__venue__address\">\n\t\t\t\t<span class=\"tribe-address\">\n\n<span class=\"tribe-street-address\">intere Grabenstra\u00dfe 26<\/span>\n\t\n\t\t<br>\n\t\t<span class=\"tribe-locality\">T\u00fcbingen<\/span><span class=\"tribe-delimiter\">,<\/span>\n\n\n\t<span class=\"tribe-postal-code\">72070<\/span>\n\n\t<span class=\"tribe-country-name\">Deutschland<\/span>\n\n<\/span>\n\n\t\t\t\t\t\t\t\t\t<a class=\"tribe-events-gmap\" href=\"https:\/\/maps.google.com\/maps?f=q&#038;source=s_q&#038;hl=en&#038;geocode=&#038;q=intere+Grabenstra%C3%9Fe+26+T%C3%BCbingen+72070+Deutschland\" title=\"Click to view a Google Map\" target=\"_blank\" rel=\"noreferrer noopener\">+ Google Map<\/a>\t\t\t\t\t\t\t<\/address>\n\t\t\n\t\t\t\t\t<span class=\"tribe-block__venue__phone\">+49 7071 54940-30<\/span><br \/>\n\t\t\n\t\t\t\t\t<span class=\"tribe-block__venue__website\"><a href=\"https:\/\/weltethos-institut.org\/\" target=\"_self\" rel=\"external\">View Venue Website<\/a><\/span><br \/>\n\t\t\t\n\t<\/div>\n\t\n<div class=\"tribe-block__venue__map\">\n\t\n<iframe\n  title=\"Google maps iframe displaying the address to Weltethos Institut\"\n  aria-label=\"Venue location map\"\n  width=\"310px\"\n  height=\"256px\"\n  frameborder=\"0\" style=\"border:0\"\n  data-src=\"https:\/\/www.google.com\/maps\/embed\/v1\/place?key=AIzaSyDNsicAsP6-VuGtAb1O9riI3oc_NOb7IOU&#038;q=intere+Grabenstra%C3%9Fe+26+T%C3%BCbingen+72070+Deutschland+&#038;zoom=10\" allowfullscreen src=\"data:image\/svg+xml;base64,PHN2ZyB3aWR0aD0iMSIgaGVpZ2h0PSIxIiB4bWxucz0iaHR0cDovL3d3dy53My5vcmcvMjAwMC9zdmciPjwvc3ZnPg==\" class=\"lazyload\" data-load-mode=\"1\">\n<\/iframe>\n<\/div>\n\n\t<\/div>\n\n\n\n\n\t<div  class=\"tribe-block tribe-block__events-link\" >\n\t\t<div class=\"tribe-events tribe-common\">\n\t\t\t<div class=\"tribe-events-c-subscribe-dropdown__container\">\n\t\t\t\t<div class=\"tribe-events-c-subscribe-dropdown\">\n\t\t\t\t\t<div class=\"tribe-common-c-btn-border tribe-events-c-subscribe-dropdown__button\">\n\t\t\t\t\t\t<svg\n\t class=\"tribe-common-c-svgicon tribe-common-c-svgicon--cal-export tribe-events-c-subscribe-dropdown__export-icon\" \taria-hidden=\"true\"\n\tviewbox=\"0 0 23 17\"\n\txmlns=\"http:\/\/www.w3.org\/2000\/svg\"\n>\n\t<path fill-rule=\"evenodd\" clip-rule=\"evenodd\" d=\"M.128.896V16.13c0 .211.145.383.323.383h15.354c.179 0 .323-.172.323-.383V.896c0-.212-.144-.383-.323-.383H.451C.273.513.128.684.128.896Zm16 6.742h-.901V4.679H1.009v10.729h14.218v-3.336h.901V7.638ZM1.01 1.614h14.218v2.058H1.009V1.614Z\" \/>\n\t<path d=\"M20.5 9.846H8.312M18.524 6.953l2.89 2.909-2.855 2.855\" stroke-width=\"1.2\" stroke-linecap=\"round\" stroke-linejoin=\"round\"\/>\n<\/svg>\n\t\t\t\t\t\t<button\n\t\t\t\t\t\t\tclass=\"tribe-events-c-subscribe-dropdown__button-text\"\n\t\t\t\t\t\t\taria-expanded=\"false\"\n\t\t\t\t\t\t\taria-controls=\"tribe-events-subscribe-dropdown-content\"\n\t\t\t\t\t\t\taria-label=\"View links to add events to your calendar\"\n\t\t\t\t\t\t>\n\t\t\t\t\t\t\tAdd to calendar\t\t\t\t\t\t<\/button>\n\t\t\t\t\t\t<svg\n\t class=\"tribe-common-c-svgicon tribe-common-c-svgicon--caret-down tribe-events-c-subscribe-dropdown__button-icon\" \taria-hidden=\"true\"\n\tviewbox=\"0 0 10 7\"\n\txmlns=\"http:\/\/www.w3.org\/2000\/svg\"\n>\n\t<path fill-rule=\"evenodd\" clip-rule=\"evenodd\" d=\"M1.008.609L5 4.6 8.992.61l.958.958L5 6.517.05 1.566l.958-.958z\" class=\"tribe-common-c-svgicon__svg-fill\"\/>\n<\/svg>\n\t\t\t\t\t<\/div>\n\t\t\t\t\t<div id=\"tribe-events-subscribe-dropdown-content\" class=\"tribe-events-c-subscribe-dropdown__content\">\n\t\t\t\t\t\t<ul class=\"tribe-events-c-subscribe-dropdown__list\">\n\t\t\t\t\t\t\t\t\t\t\t\t\t\t\t<li class=\"tribe-events-c-subscribe-dropdown__list-item tribe-events-c-subscribe-dropdown__list-item--gcal\">\n\t\t\t\t\t\t\t\t\t<a\n\t\t\t\t\t\t\t\t\t\thref=\"https:\/\/www.google.com\/calendar\/event?action=TEMPLATE&#038;dates=20241025T100000\/20241025T170000&#038;text=Zukunft%20gestalten%3AMeta-Demokratie%20f%C3%BCr%20die%20Politik%20der%20TransformationWS%202024%2F25&#038;details=%3Cp%3E%3C%2Fp%3E+%3Cp%3EIm+Wintersemester+2024%2F25+wird+Dr.+Raban+Daniel+Fuhrmann+an+der+Universit%C3%A4t+T%C3%BCbingen+einen+spezialisierten+Kurs+zum+Thema+%E2%80%9EMeta-Demokratie+f%C3%BCr+die+Politik+der+Transformation%E2%80%9C+anbieten.+Dieser+Kurs+findet+am+Weltethos-Institut+statt+und+wird+als+Blockseminar+durchgef%C3%BChrt.%3C%2Fp%3E+%3Cp%3EDieser+Kurs+widmet+sich+der+Untersuchung+und+kritischen+Bewertung+von+demokratischen+Gestaltungsm%C3%B6glichkeiten+in+Zeiten+des+Wandels.+Ziel+ist+es%2C+innovative+Ans%C3%A4tze+zur+Demokratieentwicklung+zu+erforschen%2C+die+%C3%BCber+herk%C3%B6mmliche+politische+Instrumente+hinausgehen+und+auf+Co-Kreation+setzen.%3C%2Fp%3E+%3Cp%3EBitte+beachten+Sie%2C+dass+die+Teilnahme+am+Kurs+nur+auf+Anfrage+m%C3%B6glich+ist+und+die+Anzahl+der+Teilnehmenden+begrenzt+ist.+%3C%2Fp%3E+%3Cdiv+class%3D%22wp-block-file%22%3E%3Cobject+class%3D%22wp-block-file__embed%22+data%3D%22https%3A%2F%2Flernende-demokratie.de%2Fwp-content%2Fuploads%2F2024%2F04%2FWEIT_Meta-Demokratie_Fuhrmann_WS24.pdf%22+type%3D%22application%2Fpdf%22+style%3D%22width%3A100%25%3Bheight%3A600px%22+aria-label%3D%22WEIT_Meta-De%3C%2Fdiv%3E+%28View+Full+event+Description+Here%3A+https%3A%2F%2Flernende-demokratie.de%2Fen%2Fevent%2Fzukunft-gestaltenmeta-demokratie-fuer-die-politik-der-transformationws-2024-25%2F%29&#038;location=Weltethos%20Institut,%20intere%20Grabenstra\u00dfe%2026,%20T\u00fcbingen,%2072070,%20Deutschland&#038;trp=false&#038;ctz=UTC+0&#038;sprop=website:https:\/\/lernende-demokratie.de\/en\"\n\t\t\t\t\t\t\t\t\t\tclass=\"tribe-events-c-subscribe-dropdown__list-item-link\"\n\t\t\t\t\t\t\t\t\t\ttarget=\"_blank\"\n\t\t\t\t\t\t\t\t\t\trel=\"noopener noreferrer nofollow noindex\"\n\t\t\t\t\t\t\t\t\t>\n\t\t\t\t\t\t\t\t\t\tGoogle Calendar\t\t\t\t\t\t\t\t\t<\/a>\n\t\t\t\t\t\t\t\t<\/li>\n\t\t\t\t\t\t\t\t\t\t\t\t\t\t\t<li class=\"tribe-events-c-subscribe-dropdown__list-item tribe-events-c-subscribe-dropdown__list-item--ical\">\n\t\t\t\t\t\t\t\t\t<a\n\t\t\t\t\t\t\t\t\t\thref=\"\"\n\t\t\t\t\t\t\t\t\t\tclass=\"tribe-events-c-subscribe-dropdown__list-item-link\"\n\t\t\t\t\t\t\t\t\t\ttarget=\"_blank\"\n\t\t\t\t\t\t\t\t\t\trel=\"noopener noreferrer nofollow noindex\"\n\t\t\t\t\t\t\t\t\t>\n\t\t\t\t\t\t\t\t\t\tiCalendar\t\t\t\t\t\t\t\t\t<\/a>\n\t\t\t\t\t\t\t\t<\/li>\n\t\t\t\t\t\t\t\t\t\t\t\t\t\t\t<li class=\"tribe-events-c-subscribe-dropdown__list-item tribe-events-c-subscribe-dropdown__list-item--outlook-365\">\n\t\t\t\t\t\t\t\t\t<a\n\t\t\t\t\t\t\t\t\t\thref=\"\"\n\t\t\t\t\t\t\t\t\t\tclass=\"tribe-events-c-subscribe-dropdown__list-item-link\"\n\t\t\t\t\t\t\t\t\t\ttarget=\"_blank\"\n\t\t\t\t\t\t\t\t\t\trel=\"noopener noreferrer nofollow noindex\"\n\t\t\t\t\t\t\t\t\t>\n\t\t\t\t\t\t\t\t\t\tOutlook 365\t\t\t\t\t\t\t\t\t<\/a>\n\t\t\t\t\t\t\t\t<\/li>\n\t\t\t\t\t\t\t\t\t\t\t\t\t\t\t<li class=\"tribe-events-c-subscribe-dropdown__list-item tribe-events-c-subscribe-dropdown__list-item--outlook-live\">\n\t\t\t\t\t\t\t\t\t<a\n\t\t\t\t\t\t\t\t\t\thref=\"\"\n\t\t\t\t\t\t\t\t\t\tclass=\"tribe-events-c-subscribe-dropdown__list-item-link\"\n\t\t\t\t\t\t\t\t\t\ttarget=\"_blank\"\n\t\t\t\t\t\t\t\t\t\trel=\"noopener noreferrer nofollow noindex\"\n\t\t\t\t\t\t\t\t\t>\n\t\t\t\t\t\t\t\t\t\tOutlook Live\t\t\t\t\t\t\t\t\t<\/a>\n\t\t\t\t\t\t\t\t<\/li>\n\t\t\t\t\t\t\t\t\t\t\t\t\t<\/ul>\n\t\t\t\t\t<\/div>\n\t\t\t\t<\/div>\n\t\t\t<\/div>\n\t\t<\/div>\n\t<\/div>","protected":false},"excerpt":{"rendered":"<p>Im Wintersemester 2024\/25 wird Dr. Raban Daniel Fuhrmann an der Universit\u00e4t T\u00fcbingen einen spezialisierten Kurs zum Thema \u201eMeta-Demokratie f\u00fcr die Politik der Transformation\u201c anbieten. Dieser Kurs findet am Weltethos-Institut statt [&hellip;]<\/p>\n","protected":false},"author":1,"featured_media":3094,"template":"","meta":{"site-sidebar-layout":"default","site-content-layout":"","ast-site-content-layout":"default","site-content-style":"default","site-sidebar-style":"default","ast-global-header-display":"","ast-banner-title-visibility":"","ast-main-header-display":"","ast-hfb-above-header-display":"","ast-hfb-below-header-display":"","ast-hfb-mobile-header-display":"","site-post-title":"","ast-breadcrumbs-content":"","ast-featured-img":"","footer-sml-layout":"","ast-disable-related-posts":"","theme-transparent-header-meta":"","adv-header-id-meta":"","stick-header-meta":"","header-above-stick-meta":"","header-main-stick-meta":"","header-below-stick-meta":"","astra-migrate-meta-layouts":"set","ast-page-background-enabled":"default","ast-page-background-meta":{"desktop":{"background-color":"","background-image":"","background-repeat":"repeat","background-position":"center center","background-size":"auto","background-attachment":"scroll","background-type":"","background-media":"","overlay-type":"","overlay-color":"","overlay-opacity":"","overlay-gradient":""},"tablet":{"background-color":"","background-image":"","background-repeat":"repeat","background-position":"center center","background-size":"auto","background-attachment":"scroll","background-type":"","background-media":"","overlay-type":"","overlay-color":"","overlay-opacity":"","overlay-gradient":""},"mobile":{"background-color":"","background-image":"","background-repeat":"repeat","background-position":"center center","background-size":"auto","background-attachment":"scroll","background-type":"","background-media":"","overlay-type":"","overlay-color":"","overlay-opacity":"","overlay-gradient":""}},"ast-content-background-meta":{"desktop":{"background-color":"var(--ast-global-color-5)","background-image":"","background-repeat":"repeat","background-position":"center center","background-size":"auto","background-attachment":"scroll","background-type":"","background-media":"","overlay-type":"","overlay-color":"","overlay-opacity":"","overlay-gradient":""},"tablet":{"background-color":"var(--ast-global-color-5)","background-image":"","background-repeat":"repeat","background-position":"center center","background-size":"auto","background-attachment":"scroll","background-type":"","background-media":"","overlay-type":"","overlay-color":"","overlay-opacity":"","overlay-gradient":""},"mobile":{"background-color":"var(--ast-global-color-5)","background-image":"","background-repeat":"repeat","background-position":"center center","background-size":"auto","background-attachment":"scroll","background-type":"","background-media":"","overlay-type":"","overlay-color":"","overlay-opacity":"","overlay-gradient":""}},"_price":"","_stock":"","_tribe_ticket_header":"","_tribe_default_ticket_provider":"","_tribe_ticket_capacity":"","_ticket_start_date":"","_ticket_end_date":"","_tribe_ticket_show_description":"","_tribe_ticket_show_not_going":false,"_tribe_ticket_use_global_stock":"","_tribe_ticket_global_stock_level":"","_global_stock_mode":"","_global_stock_cap":"","_tribe_rsvp_for_event":"","_tribe_ticket_going_count":"","_tribe_ticket_not_going_count":"","_tribe_tickets_list":"[]","_tribe_ticket_has_attendee_info_fields":false,"_EventAllDay":false,"_EventTimezone":"UTC+0","_EventStartDate":"2024-10-25 10:00:00","_EventEndDate":"2024-10-25 17:00:00","_EventStartDateUTC":"2024-10-25 10:00:00","_EventEndDateUTC":"2024-10-25 17:00:00","_EventShowMap":false,"_EventShowMapLink":false,"_EventURL":"","_EventCost":"","_EventCostDescription":"","_EventCurrencySymbol":"\u20ac","_EventCurrencyCode":"EUR","_EventCurrencyPosition":"suffix","_EventDateTimeSeparator":" @ ","_EventTimeRangeSeparator":" - ","_EventOrganizerID":[3088],"_EventVenueID":[2663],"_OrganizerEmail":"","_OrganizerPhone":"","_OrganizerWebsite":"","_VenueAddress":"","_VenueCity":"","_VenueCountry":"","_VenueProvince":"","_VenueState":"","_VenueZip":"","_VenuePhone":"","_VenueURL":"","_VenueStateProvince":"","_VenueLat":"","_VenueLng":"","_VenueShowMap":false,"_VenueShowMapLink":false,"_tribe_events_status":"","_tribe_events_status_reason":"","footnotes":"","_tec_slr_enabled":"","_tec_slr_layout":""},"tags":[],"tribe_events_cat":[],"class_list":["post-3092","tribe_events","type-tribe_events","status-publish","has-post-thumbnail","hentry"],"ticketed":false,"_links":{"self":[{"href":"https:\/\/lernende-demokratie.de\/en\/wp-json\/wp\/v2\/tribe_events\/3092","targetHints":{"allow":["GET"]}}],"collection":[{"href":"https:\/\/lernende-demokratie.de\/en\/wp-json\/wp\/v2\/tribe_events"}],"about":[{"href":"https:\/\/lernende-demokratie.de\/en\/wp-json\/wp\/v2\/types\/tribe_events"}],"author":[{"embeddable":true,"href":"https:\/\/lernende-demokratie.de\/en\/wp-json\/wp\/v2\/users\/1"}],"version-history":[{"count":1,"href":"https:\/\/lernende-demokratie.de\/en\/wp-json\/wp\/v2\/tribe_events\/3092\/revisions"}],"predecessor-version":[{"id":3095,"href":"https:\/\/lernende-demokratie.de\/en\/wp-json\/wp\/v2\/tribe_events\/3092\/revisions\/3095"}],"wp:featuredmedia":[{"embeddable":true,"href":"https:\/\/lernende-demokratie.de\/en\/wp-json\/wp\/v2\/media\/3094"}],"wp:attachment":[{"href":"https:\/\/lernende-demokratie.de\/en\/wp-json\/wp\/v2\/media?parent=3092"}],"wp:term":[{"taxonomy":"post_tag","embeddable":true,"href":"https:\/\/lernende-demokratie.de\/en\/wp-json\/wp\/v2\/tags?post=3092"},{"taxonomy":"tribe_events_cat","embeddable":true,"href":"https:\/\/lernende-demokratie.de\/en\/wp-json\/wp\/v2\/tribe_events_cat?post=3092"}],"curies":[{"name":"wp","href":"https:\/\/api.w.org\/{rel}","templated":true}]}}